{"id":9572,"date":"2025-01-20T08:57:12","date_gmt":"2025-01-20T08:57:12","guid":{"rendered":"https:\/\/www.asociacija.si\/si\/?page_id=9572"},"modified":"2026-02-02T10:57:23","modified_gmt":"2026-02-02T10:57:23","slug":"kultura-za-dusevno-zdravje","status":"publish","type":"page","link":"https:\/\/www.asociacija.si\/si\/kultura-za-dusevno-zdravje\/","title":{"rendered":"Kultura za du\u0161evno zdravje"},"content":{"rendered":"\n<p class=\"has-text-align-center\"><strong>Projekt &#8220;Kultura za du\u0161evno zdravje&#8221; naslavlja izzive, kot so pomanjkanje ozave\u0161\u010denosti o vplivu kulture, umetnosti in prostovoljstva na du\u0161evno zdravje, ter premajhno izkori\u0161\u010danje njihovega potenciala pri re\u0161evanju dru\u017ebenih izzivov. S ciljem izbolj\u0161anja du\u0161evnega zdravja in dobrega po\u010dutja, projekt spodbuja \u010dezsektorsko sodelovanje med nevladnimi organizacijami, kulturo, prostovoljstvom in zdravstvom.<\/strong><\/p>\n\n\n<div class=\"wp-block-image\">\n<figure class=\"aligncenter size-large is-resized\"><img loading=\"lazy\" decoding=\"async\" width=\"1024\" height=\"883\" src=\"https:\/\/www.asociacija.si\/si\/wp-content\/uploads\/2025\/02\/KDZ-logo-Velik-1024x883.png\" alt=\"\" class=\"wp-image-9702\" style=\"aspect-ratio:1.1600864270280888;width:249px;height:auto\" srcset=\"https:\/\/www.asociacija.si\/si\/wp-content\/uploads\/2025\/02\/KDZ-logo-Velik-1024x883.png 1024w, https:\/\/www.asociacija.si\/si\/wp-content\/uploads\/2025\/02\/KDZ-logo-Velik-300x259.png 300w, https:\/\/www.asociacija.si\/si\/wp-content\/uploads\/2025\/02\/KDZ-logo-Velik-768x662.png 768w, https:\/\/www.asociacija.si\/si\/wp-content\/uploads\/2025\/02\/KDZ-logo-Velik-1536x1324.png 1536w, https:\/\/www.asociacija.si\/si\/wp-content\/uploads\/2025\/02\/KDZ-logo-Velik-2048x1765.png 2048w\" sizes=\"auto, (max-width: 1024px) 100vw, 1024px\" \/><\/figure>\n<\/div>\n\n<ul style=\"font-size:18px;\" class=\"wp-block-latest-posts__list is-grid columns-2 aligncenter wp-block-latest-posts has-background has-light-gray-background-color\"><li><a class=\"wp-block-latest-posts__post-title\" href=\"https:\/\/www.asociacija.si\/si\/2026\/03\/30\/ples-proti-padcem-fizicna-socializacija-ppp\/\">Ples proti padcem \u2013 fizi\u010dna socializacija (PpP)<\/a><div class=\"wp-block-latest-posts__post-excerpt\">Plesno-gibalni projekt z uporabo kontaktne improvizacije primarno naslavlja potrebe starej\u0161ih, obenem pa vklju\u010duje tudi mlade kot pomembno sekundarno skupino. Starej\u0161im pomaga ohranjati ravnote\u017eje in &hellip; <a href=\"https:\/\/www.asociacija.si\/si\/2026\/03\/30\/ples-proti-padcem-fizicna-socializacija-ppp\/\" class=\"more-link\">Preberi ve\u010d o <span class=\"screen-reader-text\">Ples proti padcem \u2013 fizi\u010dna socializacija (PpP)<\/span><\/a><\/div><\/li>\n<li><a class=\"wp-block-latest-posts__post-title\" href=\"https:\/\/www.asociacija.si\/si\/2026\/03\/26\/kar-cutimo-se-lahko-giblje-dialog-med-umetniskim-gibom-in-somatsko-prakso-za-zenske\/\">Kar \u010dutimo, se lahko giblje \u2013 DIALOG MED UMETNI\u0160KIM GIBOM IN SOMATSKO PRAKSO ZA \u017dENSKE<\/a><div class=\"wp-block-latest-posts__post-excerpt\">Kar \u010dutimo, se lahko giblje je participativna umetni\u0161ka praksa, ki prepleta somatske pristope in ustvarjanje skozi gib ter odpira prostor za raziskovanje telesa kot &hellip; <a href=\"https:\/\/www.asociacija.si\/si\/2026\/03\/26\/kar-cutimo-se-lahko-giblje-dialog-med-umetniskim-gibom-in-somatsko-prakso-za-zenske\/\" class=\"more-link\">Preberi ve\u010d o <span class=\"screen-reader-text\">Kar \u010dutimo, se lahko giblje \u2013 DIALOG MED UMETNI\u0160KIM GIBOM IN SOMATSKO PRAKSO ZA \u017dENSKE<\/span><\/a><\/div><\/li>\n<li><a class=\"wp-block-latest-posts__post-title\" href=\"https:\/\/www.asociacija.si\/si\/2026\/03\/26\/poziv-za-kulturne-in-umetniske-prakse-sodelovanje-v-projektu-certifikat-kulturno-podjetje\/\">Poziv za kulturne in umetni\u0161ke prakse &#8211; sodelovanje v projektu Certifikat kulturno podjetje<\/a><div class=\"wp-block-latest-posts__post-excerpt\">Kot ste morda \u017ee zasledili, Asociacija izvaja projekt&nbsp;Certifikat kulturno podjetje, katerega cilj je podjetja spodbujati k sistemati\u010dnemu vklju\u010devanju kulture in umetnosti v delovno okolje. &hellip; <a href=\"https:\/\/www.asociacija.si\/si\/2026\/03\/26\/poziv-za-kulturne-in-umetniske-prakse-sodelovanje-v-projektu-certifikat-kulturno-podjetje\/\" class=\"more-link\">Preberi ve\u010d o <span class=\"screen-reader-text\">Poziv za kulturne in umetni\u0161ke prakse &#8211; sodelovanje v projektu Certifikat kulturno podjetje<\/span><\/a><\/div><\/li>\n<li><a class=\"wp-block-latest-posts__post-title\" href=\"https:\/\/www.asociacija.si\/si\/2026\/03\/26\/mehki-premiki-somatsko-psihosocialna-podpora-za-trajnost-v-plesnem-sektorju\/\">Mehki premiki: somatsko-psihosocialna podpora za trajnost v plesnem sektorju<\/a><div class=\"wp-block-latest-posts__post-excerpt\">Mehki premiki je \u010dezsektorski somatsko-psihosocialni program, ki povezuje sodobni plesni sektor z zdravstvenim in socialno-varstvenim podro\u010djem. Projekt izhaja iz prepoznanih potreb plesne skupnosti ter &hellip; <a href=\"https:\/\/www.asociacija.si\/si\/2026\/03\/26\/mehki-premiki-somatsko-psihosocialna-podpora-za-trajnost-v-plesnem-sektorju\/\" class=\"more-link\">Preberi ve\u010d o <span class=\"screen-reader-text\">Mehki premiki: somatsko-psihosocialna podpora za trajnost v plesnem sektorju<\/span><\/a><\/div><\/li>\n<\/ul>\n\n\n<p class=\"has-text-align-center\">Sestavljen je iz treh klju\u010dnih sklopov aktivnosti: grajenja kapacitet, inovativnih modelov ter izmenjav praks in znanj. Prvi sklop se osredoto\u010da na krepitev znanja in zmogljivosti NVO za \u010dezsektorsko sodelovanje. Drugi sklop vklju\u010duje razvoj in pilotiranje kulturnih, umetni\u0161kih in prostovoljskih intervencij, medtem ko tretji sklop poudarja \u0161irjenje dobrih praks ter pove\u010danje prepoznavnosti umetni\u0161kih in prostovoljskih aktivnosti za podporo du\u0161evnemu zdravju. Projekt se osredoto\u010da na pove\u010danje sodelovanja razli\u010dnih sektorjev, razvoj inovacij in krepitev povezanosti med dr\u017eavljani, odlo\u010devalci in organizacijami na vseh ravneh.<\/p>\n\n\n\n<h3 class=\"wp-block-heading has-text-align-center\"><a href=\"https:\/\/docs.google.com\/forms\/d\/e\/1FAIpQLSc6uqKNYTJ7Cfdik-yvG7nPkfpVCsZb4IRCsOPvHwIazySmqw\/viewform\" target=\"_blank\" rel=\"noreferrer noopener\">Naro\u010dite se na novi\u010dnik Kultura in zdravje<\/a><\/h3>\n\n\n\n<hr class=\"wp-block-separator has-alpha-channel-opacity\"\/>\n\n\n\n<h2 class=\"wp-block-heading has-text-align-center\">Projektne aktivnosti:<\/h2>\n\n\n<ul class=\"wp-block-latest-posts__list wp-block-latest-posts has-small-font-size\"><li><a class=\"wp-block-latest-posts__post-title\" href=\"https:\/\/www.asociacija.si\/si\/2026\/03\/30\/ples-proti-padcem-fizicna-socializacija-ppp\/\">Ples proti padcem \u2013 fizi\u010dna socializacija (PpP)<\/a><\/li>\n<li><a class=\"wp-block-latest-posts__post-title\" href=\"https:\/\/www.asociacija.si\/si\/2026\/03\/26\/kar-cutimo-se-lahko-giblje-dialog-med-umetniskim-gibom-in-somatsko-prakso-za-zenske\/\">Kar \u010dutimo, se lahko giblje \u2013 DIALOG MED UMETNI\u0160KIM GIBOM IN SOMATSKO PRAKSO ZA \u017dENSKE<\/a><\/li>\n<li><a class=\"wp-block-latest-posts__post-title\" href=\"https:\/\/www.asociacija.si\/si\/2026\/03\/26\/poziv-za-kulturne-in-umetniske-prakse-sodelovanje-v-projektu-certifikat-kulturno-podjetje\/\">Poziv za kulturne in umetni\u0161ke prakse &#8211; sodelovanje v projektu Certifikat kulturno podjetje<\/a><\/li>\n<li><a class=\"wp-block-latest-posts__post-title\" href=\"https:\/\/www.asociacija.si\/si\/2026\/03\/26\/mehki-premiki-somatsko-psihosocialna-podpora-za-trajnost-v-plesnem-sektorju\/\">Mehki premiki: somatsko-psihosocialna podpora za trajnost v plesnem sektorju<\/a><\/li>\n<li><a class=\"wp-block-latest-posts__post-title\" href=\"https:\/\/www.asociacija.si\/si\/2026\/03\/26\/intervizijska-srecanja-mentorjev-in-organizatorjev-prostovoljstva\/\">Intervizijska sre\u010danja mentorjev in organizatorjev prostovoljstva<\/a><\/li>\n<li><a class=\"wp-block-latest-posts__post-title\" href=\"https:\/\/www.asociacija.si\/si\/2026\/02\/20\/zvocni-objem-brezplacne-zvocne-kopeli-za-raziskovanje-vpliva-zvoka-na-dozivljanje-tinitusa\/\">ZVO\u010cNI OBJEM: brezpla\u010dne zvo\u010dne kopeli za raziskovanje vpliva zvoka na do\u017eivljanje\u00a0tinitusa<\/a><\/li>\n<li><a class=\"wp-block-latest-posts__post-title\" href=\"https:\/\/www.asociacija.si\/si\/2026\/02\/20\/delavnica-od-prezivetja-do-ravnovesja-kako-skrbeti-zase-ko-skrbis-za-druge\/\">Delavnica: Od pre\u017eivetja do ravnovesja: kako skrbeti zase, ko skrbi\u0161 za druge<\/a><\/li>\n<li><a class=\"wp-block-latest-posts__post-title\" href=\"https:\/\/www.asociacija.si\/si\/2026\/02\/20\/odmik-2026-tekstil-in-krajine\/\">OdMik 2026: Tekstil in krajine<\/a><\/li>\n<li><a class=\"wp-block-latest-posts__post-title\" href=\"https:\/\/www.asociacija.si\/si\/2026\/01\/30\/prvo-leto-projekta-kultura-za-dusevno-zdravje\/\">Prvo leto projekta Kultura za du\u0161evno zdravje<\/a><\/li>\n<li><a class=\"wp-block-latest-posts__post-title\" href=\"https:\/\/www.asociacija.si\/si\/2025\/12\/30\/leto-povezovanja-umetnosti-in-dusevnega-zdravja\/\">Leto povezovanja umetnosti in du\u0161evnega zdravja<\/a><\/li>\n<li><a class=\"wp-block-latest-posts__post-title\" href=\"https:\/\/www.asociacija.si\/si\/2025\/11\/27\/umetnost-skupnost-in-skrb-socialno-predpisovanje-v-praksi\/\">Umetnost, skupnost in skrb: Socialno predpisovanje v praksi<\/a><\/li>\n<li><a class=\"wp-block-latest-posts__post-title\" href=\"https:\/\/www.asociacija.si\/si\/2025\/11\/27\/dobrobit-pri-delu-kako-lahko-umetnost-naslovi-izgorelost-in-zdravje-pri-delu\/\">Dobrobit pri delu: kako lahko umetnost naslovi izgorelost in zdravje pri delu<\/a><\/li>\n<li><a class=\"wp-block-latest-posts__post-title\" href=\"https:\/\/www.asociacija.si\/si\/2025\/11\/01\/skrb-za-dusevno-zdravje-prostovoljcev-utrinki-usposabljanja\/\">Skrb za du\u0161evno zdravje prostovoljcev \u2013 utrinki usposabljanja<\/a><\/li>\n<li><a class=\"wp-block-latest-posts__post-title\" href=\"https:\/\/www.asociacija.si\/si\/2025\/10\/31\/tekstilne-delavnice-dvojina-v-mariborskem-zaporu-in-bien-bienale-tekstilne-umetnosti\/\">Tekstilne delavnice Dvojina v mariborskem zaporu in BIEN Bienale tekstilne umetnosti<\/a><\/li>\n<li><a class=\"wp-block-latest-posts__post-title\" href=\"https:\/\/www.asociacija.si\/si\/2025\/10\/30\/kultura-in-zdravje-politika-politike-in-prakse\/\">Kultura in zdravje \u2013 Politika, politike in prakse<\/a><\/li>\n<li><a class=\"wp-block-latest-posts__post-title\" href=\"https:\/\/www.asociacija.si\/si\/2025\/10\/23\/razpis-za-razvoj-in-izvedbo-projektov-na-podrocju-kulture-in-zdravja-v-sloveniji-2026\/\">Razpis za razvoj in izvedbo projektov na podro\u010dju kulture in zdravja v Sloveniji 2026<\/a><\/li>\n<li><a class=\"wp-block-latest-posts__post-title\" href=\"https:\/\/www.asociacija.si\/si\/2025\/10\/13\/art-design-thinking-za-razvoj-umetniskih-intervencij-in-storitev-za-spodbujanje-dobrega-pocutja-na-delovnem-mestu-delavnica-z-mag-ursko-jez-2\/\">Art &amp; Design Thinking za razvoj umetni\u0161kih intervencij in storitev za spodbujanje dobrega po\u010dutja na delovnem mestu \u2013 delavnica z mag. Ur\u0161ko Je\u017e<\/a><\/li>\n<li><a class=\"wp-block-latest-posts__post-title\" href=\"https:\/\/www.asociacija.si\/si\/2025\/10\/10\/vec-umetnosti-vec-dobrega-pocutja-kampanja-ozavescanja-care\/\">Ve\u010d umetnosti, ve\u010d dobrega po\u010dutja: kampanja ozave\u0161\u010danja CARE<\/a><\/li>\n<li><a class=\"wp-block-latest-posts__post-title\" href=\"https:\/\/www.asociacija.si\/si\/2025\/10\/01\/pricetek-izvajanja-projekta-objem-glasu\/\">Pri\u010detek izvajanja projekta Objem glasu<\/a><\/li>\n<li><a class=\"wp-block-latest-posts__post-title\" href=\"https:\/\/www.asociacija.si\/si\/2025\/10\/01\/pricetek-izvajanja-projekta-prisluhni-gibu-movetalk\/\">Pri\u010detek izvajanja projekta Prisluhni gibu \u2013 Move&amp;Talk<\/a><\/li>\n<li><a class=\"wp-block-latest-posts__post-title\" href=\"https:\/\/www.asociacija.si\/si\/2025\/10\/01\/uspesno-izvedenih-ze-sest-intervizijskih-srecanj-za-mentorje-prostovoljcev\/\">Uspe\u0161no izvedenih \u017ee \u0161est intervizijskih sre\u010danj za mentorje prostovoljcev<\/a><\/li>\n<li><a class=\"wp-block-latest-posts__post-title\" href=\"https:\/\/www.asociacija.si\/si\/2025\/10\/01\/zakljucil-se-je-prvi-del-snemanja-filma-otroci-tretje-minute\/\">Zaklju\u010dil se je prvi del snemanja filma\u00a0Otroci tretje minute<\/a><\/li>\n<li><a class=\"wp-block-latest-posts__post-title\" href=\"https:\/\/www.asociacija.si\/si\/2025\/09\/30\/uspesno-zakljucena-mednarodna-konferenca-zdravje-in-delo-izgradnja-dobrega-pocutja-skozi-umetnost-v-skupnostih-in-na-delovnih-mestih\/\">Uspe\u0161no zaklju\u010dena mednarodna konferenca Zdravje in delo: Izgradnja dobrega po\u010dutja skozi umetnost v skupnostih in na delovnih mestih<\/a><\/li>\n<li><a class=\"wp-block-latest-posts__post-title\" href=\"https:\/\/www.asociacija.si\/si\/2025\/09\/30\/most-med-umetnostjo-in-zdravjem-belezenje-in-razumevanje-ucinkov\/\">Most med umetnostjo in zdravjem: bele\u017eenje in razumevanje u\u010dinkov<\/a><\/li>\n<li><a class=\"wp-block-latest-posts__post-title\" href=\"https:\/\/www.asociacija.si\/si\/2025\/08\/30\/odprta-je-registracija-na-konferenco-zdravje-in-delo\/\">Odprta je registracija za konferenco &#8220;ZDRAVJE IN DELO&#8221;<\/a><\/li>\n<li><a class=\"wp-block-latest-posts__post-title\" href=\"https:\/\/www.asociacija.si\/si\/2025\/08\/29\/razumevanje-potreb-delodajalcev-in-zaposlenih-pri-razvoju-praks-za-spodbujanje-dobrega-pocutja-na-delovnem-mestu-delavnica-prof-dr-eve-bostjancic\/\">Razumevanje potreb delodajalcev in zaposlenih pri razvoju praks za spodbujanje dobrega po\u010dutja na delovnem mestu &#8211; delavnica prof. dr. Eve Bo\u0161tjan\u010di\u010d<\/a><\/li>\n<li><a class=\"wp-block-latest-posts__post-title\" href=\"https:\/\/www.asociacija.si\/si\/2025\/08\/29\/oblikovanje-zvoka-za-cim-bolj-zdravo-izkusnjo-poslusanja-seminar-z-matejem-gobcem\/\">Oblikovanje zvoka za \u010dim bolj zdravo izku\u0161njo poslu\u0161anja &#8211; seminar z Matejem Gobcem<\/a><\/li>\n<li><a class=\"wp-block-latest-posts__post-title\" href=\"https:\/\/www.asociacija.si\/si\/2025\/07\/31\/predstavitev-projekta-skupaj-povezani-v-sodobni-umetnosti-in-kulturi\/\">Predstavitev projekta: Skupaj povezani v sodobni umetnosti in kulturi<\/a><\/li>\n<li><a class=\"wp-block-latest-posts__post-title\" href=\"https:\/\/www.asociacija.si\/si\/2025\/07\/31\/umetnost-terapija-in-aktivizem-tekstil-kot-prostor-odpora\/\">Umetnost, terapija in aktivizem: Tekstil kot prostor odpora<\/a><\/li>\n<li><a class=\"wp-block-latest-posts__post-title\" href=\"https:\/\/www.asociacija.si\/si\/2025\/07\/31\/medresorsko-sodelovanje-kulture-in-zdravja-je-priloznost-za-sistemski-premik-razumevanja-pomena-kulture\/\">Medresorsko sodelovanje kulture in zdravja je prilo\u017enost za sistemski premik razumevanja pomena kulture<\/a><\/li>\n<li><a class=\"wp-block-latest-posts__post-title\" href=\"https:\/\/www.asociacija.si\/si\/2025\/06\/30\/umetnost-kot-odpornost-globalni-pogovor-o-lokalnih-praksah\/\">Umetnost kot (odpor)nost: globalni pogovor o lokalnih praksah<\/a><\/li>\n<li><a class=\"wp-block-latest-posts__post-title\" href=\"https:\/\/www.asociacija.si\/si\/2025\/05\/30\/tkanje-dobrega-pocutja-umetnost-skupnost-in-ustvarjalno-zdravje\/\">Tkanje dobrega po\u010dutja: umetnost, skupnost in ustvarjalno zdravje<\/a><\/li>\n<li><a class=\"wp-block-latest-posts__post-title\" href=\"https:\/\/www.asociacija.si\/si\/2025\/05\/29\/rezultati-razpisa-za-razvoj-in-izvedbo-projektov-na-podrocju-kulture-in-zdravja-2025\/\">Rezultati in analiza razpisa kultura in zdravje 2025: Odpiramo vrata povezovanju umetnosti in zdravju<\/a><\/li>\n<li><a class=\"wp-block-latest-posts__post-title\" href=\"https:\/\/www.asociacija.si\/si\/2025\/05\/29\/prisluhni-gibu-umetniska-terapija-za-kronicno-bolecino\/\">Prisluhni gibu: umetni\u0161ka terapija za kroni\u010dno bole\u010dino<\/a><\/li>\n<li><a class=\"wp-block-latest-posts__post-title\" href=\"https:\/\/www.asociacija.si\/si\/2025\/05\/29\/zvocni-objem-umetniska-metoda-za-lajsanje-tinitusa\/\">Zvo\u010dni objem: umetni\u0161ka metoda za laj\u0161anje tinitusa<\/a><\/li>\n<li><a class=\"wp-block-latest-posts__post-title\" href=\"https:\/\/www.asociacija.si\/si\/2025\/05\/29\/objem-glasu-vokalno-gibalna-improvizacija-kot-prostor-skrbi\/\">Objem glasu: vokalno-gibalna improvizacija kot prostor skrbi<\/a><\/li>\n<li><a class=\"wp-block-latest-posts__post-title\" href=\"https:\/\/www.asociacija.si\/si\/2025\/04\/03\/faq-razpis-za-razvoj-in-izvedbo-projektov-na-podrocju-kulture-in-zdravja-v-sloveniji-2025\/\">FAQ: Razpis za razvoj in izvedbo projektov \u00a0 na podro\u010dju kulture in zdravja v Sloveniji 2025<\/a><\/li>\n<li><a class=\"wp-block-latest-posts__post-title\" href=\"https:\/\/www.asociacija.si\/si\/2025\/02\/27\/asociacija-odpira-vrata-brezplacno-se-pridruzite-programu-odmik-v-okviru-bienala-bien\/\">Asociacija odpira vrata: Brezpla\u010dno se pridru\u017eite programu odMIK v okviru bienala BIEN<\/a><\/li>\n<li><a class=\"wp-block-latest-posts__post-title\" href=\"https:\/\/www.asociacija.si\/si\/2025\/02\/19\/razpis-za-razvoj-in-izvedbo-projektov-na-podrocju-kulture-in-zdravja-v-sloveniji-2025\/\">Razpis za razvoj in izvedbo projektov na podro\u010dju kulture in zdravja v Sloveniji 2025<\/a><\/li>\n<li><a class=\"wp-block-latest-posts__post-title\" href=\"https:\/\/www.asociacija.si\/si\/2025\/02\/17\/9716\/\">Kultura za du\u0161evno zdravje &#8211; otvoritev<\/a><\/li>\n<\/ul>\n\n\n<hr class=\"wp-block-separator has-alpha-channel-opacity\"\/>\n\n\n\n<p class=\"has-text-align-left\">Projekt <strong>\u201cKultura za du\u0161evno zdravje\u201d<\/strong> naslavlja izzive nizke ozave\u0161\u010denosti in premalo izkori\u0161\u010denega potenciala kulture, umetnosti in prostovoljstva pri podpori du\u0161evnemu zdravju. V partnerskem konzorciju, ki ga sestavljamo <strong>Dru\u0161tvo Asociacija<\/strong>, <strong>Zavod Carnica<\/strong>, <strong>Slovenska Filantropija<\/strong>, <strong>Zavod Mesto \u017eensk<\/strong> in <strong>Zavod Projekt \u010dlovek<\/strong> verjamemo, da \u010dezsektorsko sodelovanje ter krepitev kompetenc NVO lahko spodbudi dobro po\u010dutje posameznikov in skupnosti ter prispeva k razvoju bolj vklju\u010dujo\u010de in odporne dru\u017ebe.<\/p>\n\n\n\n<p><strong>Evropa in Slovenija se namre\u010d soo\u010data s krizo du\u0161evnega zdravja<\/strong>, ki jo je pandemija COVID-19 \u0161e dodatno poglobila. Anksioznost, depresija in izgorelost postajajo vse pogostej\u0161i, zlasti med mladimi, ranljivimi skupinami in prekarnimi delavci. Evropski dokumenti, kot sta Resolucija Sveta EU za kulturo 2023\u20132026 in sporo\u010dilo Evropske komisije o du\u0161evnem zdravju, poudarjajo vlogo kulture, umetnosti in prostovoljstva pri krepitvi du\u0161evnega zdravja ter odpornosti. <strong>Nevladne organizacije (NVO) igrajo klju\u010dno vlogo pri dopolnjevanju zdravstvenih in socialnih pristopov z inovativnimi programi na podro\u010dju preventive, podpore in reintegracije<\/strong>. Kljub velikemu potencialu pa so pogosto premalo povezane in profesionalizirane, kar omejuje njihov prispevek k re\u0161evanju kompleksnih dru\u017ebenih izzivov.<\/p>\n\n\n\n<p>Glavni izzivi vklju\u010dujejo pomanjkanje klju\u010dnega \u010dezsektorskega sodelovanja, inovacij in prepoznavnosti re\u0161itev, povezanih z du\u0161evnim zdravjem in dobrim po\u010dutjem. NVO, kultura in prostovoljstvo ostajajo premalo izkori\u0161\u010deni pri naslavljanju dru\u017ebenih izzivov, kot so neenakosti, staranje prebivalstva in du\u0161evne stiske. <strong>Osnovni cilj projekta je mobilizirati potencial umetnosti, kulture in prostovoljstva<\/strong> ter okrepiti sodelovanje med razli\u010dnimi sektorji za izbolj\u0161anje du\u0161evnega zdravja in dobrega po\u010dutja.<\/p>\n\n\n\n<p>Na\u0161 projekt bomo izvedli v treh klju\u010dnih programskih sklopih:<\/p>\n\n\n\n<ul class=\"wp-block-list\">\n<li><strong>U\u010denje (sklop 1):<\/strong> Opremiti NVO in druge dele\u017enike z znanjem za \u010dezsektorsko sodelovanje.<\/li>\n\n\n\n<li><strong>Inovacije (sklop 2):<\/strong> Razviti in pilotirati kulturne, umetni\u0161ke ter prostovoljske intervencije za izbolj\u0161anje du\u0161evnega zdravja.<\/li>\n\n\n\n<li><strong>Izmenjave (sklop 3):<\/strong> \u0160iriti dobre prakse in vzpostaviti sodelovanje na lokalni, nacionalni in evropski ravni.<\/li>\n<\/ul>\n\n\n\n<p><strong>Projekt bo naslavljal zgoraj identificirane klju\u010dne izzive, kot so pomanjkanje preventivnih ukrepov, kriza du\u0161evnega zdravja, staranje prebivalstva in neenak dostop do kulturnih in prostovoljskih dejavnosti.<\/strong> Skupnostni pristopi, ki vklju\u010dujejo umetnost in prostovoljstvo, bodo dopolnili obstoje\u010de zdravstvene strategije ter prispevali k ve\u010dji ozave\u0161\u010denosti in bolj\u0161emu povezovanju med dr\u017eavljani, odlo\u010devalci in sektorji.<\/p>\n\n\n\n<p>Projekt predvideva konkretne korake za naslavljanje izzivov in izvajanje priporo\u010dil, z aktivnostmi za krepitev \u010dezsektorskega sodelovanja, prepoznavnosti dobrih praks in zagovorni\u0161tva na nacionalni in evropski ravni.<\/p>\n\n\n\n<p><strong>Aktivnosti so razdeljene v tri sklope:<\/strong><\/p>\n\n\n\n<p class=\"extendedwopts-md-center \"><strong>Sklop 1: <\/strong>Vzpostavili bomo <strong>interdisciplinarno skupino strokovnjakov<\/strong>, ki bo podpirala projekt in razvijala vpliv kulture na du\u0161evno zdravje, ob tem pa bodo potekali tudi izmenjava znanj, mre\u017eenje in priprava zagovorni\u0161kih strategij. Drugi del vklju\u010duje izvedbo <strong>usposabljanj, tematksih okroglih miz ter delavnic krepitve kapacitet<\/strong> za NVO, ustvarjalce in prostovoljce, s poudarkom na skupnostnih pristopih, umetnosti, prostovoljstvu ter prepre\u010devanju izgorelosti. Poleg tega bomo v tem sklopu vzpostavili mentorsko podporo za razvoj skupnostnih projektov in organizacijo mednarodnih \u0161tudijskih obiskov.<\/p>\n\n\n\n<p><strong>Sklop 2:<\/strong> Osredoto\u010dili se bomo na inovacije in aktivnosti, kot so <strong>laboratoriji socialnih inovacij<\/strong>, umetnostne intervencije in aktivnosti krepitve \u010dezsektorskega sodelovanja. Cilji so pove\u010danje sodelovanja NVO sektorja in podpora razvoju kakovostnih skupnostnih pristopov, ki vklju\u010dujejo kulturo in prostovoljstvo. Razvijali se bodo <strong>modeli za integracijo kulture v delovna okolja<\/strong> ter raziskovali u\u010dinki umetnosti na du\u0161evno zdravje. Poleg tega bomo v tem sklopu vzpostavili <strong>Center za preiskovanje na kulturi\/obrti\/naravi<\/strong> ter raz\u0161irjali dobre prakse, kot je model certifikata kulturno podjetje.&nbsp;<strong>Sklop 3:<\/strong> Ta sklop se osredoto\u010da na izmenjavo znanj in vklju\u010duje aktivnosti, kot so javni dogodki, strokovna sre\u010danja, razvoj komunikacijskih strategij in \u0161irjenje dobrih praks. Pove\u010danje prepoznavnosti umetni\u0161kih in prostovoljskih aktivnosti ter podporo inovacijam in zagovorni\u0161tvu bo klju\u010dnega pomena za \u0161irjenje vpliva teh pristopov na du\u0161evno zdravje in dobro po\u010dutje.<\/p>\n","protected":false},"excerpt":{"rendered":"<p>Projekt &#8220;Kultura za du\u0161evno zdravje&#8221; naslavlja izzive, kot so pomanjkanje ozave\u0161\u010denosti o vplivu kulture, umetnosti in prostovoljstva na du\u0161evno zdravje, ter premajhno izkori\u0161\u010danje njihovega potenciala pri re\u0161evanju dru\u017ebenih izzivov. S ciljem izbolj\u0161anja du\u0161evnega zdravja in dobrega po\u010dutja, projekt spodbuja \u010dezsektorsko sodelovanje med nevladnimi organizacijami, kulturo, prostovoljstvom in zdravstvom. Sestavljen je iz treh klju\u010dnih sklopov aktivnosti: &hellip; <a href=\"https:\/\/www.asociacija.si\/si\/kultura-za-dusevno-zdravje\/\" class=\"more-link\">Preberi ve\u010d o <span class=\"screen-reader-text\">Kultura za du\u0161evno zdravje<\/span><\/a><\/p>\n","protected":false},"author":5,"featured_media":0,"parent":0,"menu_order":0,"comment_status":"closed","ping_status":"closed","template":"","meta":{"footnotes":""},"class_list":["post-9572","page","type-page","status-publish","hentry"],"_links":{"self":[{"href":"https:\/\/www.asociacija.si\/si\/wp-json\/wp\/v2\/pages\/9572","targetHints":{"allow":["GET"]}}],"collection":[{"href":"https:\/\/www.asociacija.si\/si\/wp-json\/wp\/v2\/pages"}],"about":[{"href":"https:\/\/www.asociacija.si\/si\/wp-json\/wp\/v2\/types\/page"}],"author":[{"embeddable":true,"href":"https:\/\/www.asociacija.si\/si\/wp-json\/wp\/v2\/users\/5"}],"replies":[{"embeddable":true,"href":"https:\/\/www.asociacija.si\/si\/wp-json\/wp\/v2\/comments?post=9572"}],"version-history":[{"count":22,"href":"https:\/\/www.asociacija.si\/si\/wp-json\/wp\/v2\/pages\/9572\/revisions"}],"predecessor-version":[{"id":10787,"href":"https:\/\/www.asociacija.si\/si\/wp-json\/wp\/v2\/pages\/9572\/revisions\/10787"}],"wp:attachment":[{"href":"https:\/\/www.asociacija.si\/si\/wp-json\/wp\/v2\/media?parent=9572"}],"curies":[{"name":"wp","href":"https:\/\/api.w.org\/{rel}","templated":true}]}}